{"id":847,"date":"2019-02-18T07:38:24","date_gmt":"2019-02-18T04:38:24","guid":{"rendered":"http:\/\/www.karelkalip.com.tr\/?page_id=847"},"modified":"2019-02-18T07:39:38","modified_gmt":"2019-02-18T04:39:38","slug":"sabanci-universitesi-sanayi-odakli-projeler","status":"publish","type":"page","link":"https:\/\/www.karelkalip.com.tr\/tr_tr\/sabanci-universitesi-sanayi-odakli-projeler","title":{"rendered":"Sabanc\u0131 \u00dcniversitesi Sanayi Odakl\u0131 Projeler"},"content":{"rendered":"\t\t<div data-elementor-type=\"wp-post\" data-elementor-id=\"847\" class=\"elementor elementor-847 elementor-bc-flex-widget\">\n\t\t\t\t\t\t<section class=\"elementor-section elementor-top-section elementor-element elementor-element-0c2364c elementor-section-boxed elementor-section-height-default elementor-section-height-default\" data-id=\"0c2364c\" data-element_type=\"section\" data-settings=\"{&quot;background_background&quot;:&quot;classic&quot;}\">\n\t\t\t\t\t\t<div class=\"elementor-container elementor-column-gap-default\">\n\t\t\t\t\t<div class=\"elementor-column elementor-col-100 elementor-top-column elementor-element elementor-element-fc8ca48\" data-id=\"fc8ca48\" data-element_type=\"column\">\n\t\t\t<div class=\"elementor-widget-wrap elementor-element-populated\">\n\t\t\t\t\t\t<div class=\"elementor-element elementor-element-854fb0e elementor-widget elementor-widget-image\" data-id=\"854fb0e\" data-element_type=\"widget\" data-widget_type=\"image.default\">\n\t\t\t\t<div class=\"elementor-widget-container\">\n\t\t\t\t\t\t\t\t\t\t\t\t\t<img fetchpriority=\"high\" decoding=\"async\" width=\"700\" height=\"467\" src=\"https:\/\/www.karelkalip.com.tr\/wp-content\/uploads\/2019\/01\/18881974_1528289337245965_7159661121361400574_n.jpg\" class=\"attachment-large size-large wp-image-484\" alt=\"\" srcset=\"https:\/\/www.karelkalip.com.tr\/wp-content\/uploads\/2019\/01\/18881974_1528289337245965_7159661121361400574_n.jpg 960w, https:\/\/www.karelkalip.com.tr\/wp-content\/uploads\/2019\/01\/18881974_1528289337245965_7159661121361400574_n-450x300.jpg 450w, https:\/\/www.karelkalip.com.tr\/wp-content\/uploads\/2019\/01\/18881974_1528289337245965_7159661121361400574_n-768x512.jpg 768w, https:\/\/www.karelkalip.com.tr\/wp-content\/uploads\/2019\/01\/18881974_1528289337245965_7159661121361400574_n-624x416.jpg 624w\" sizes=\"(max-width: 700px) 100vw, 700px\" \/>\t\t\t\t\t\t\t\t\t\t\t\t\t<\/div>\n\t\t\t\t<\/div>\n\t\t\t\t\t<\/div>\n\t\t<\/div>\n\t\t\t\t\t<\/div>\n\t\t<\/section>\n\t\t\t\t<section class=\"elementor-section elementor-top-section elementor-element elementor-element-3ffc9d5 elementor-section-boxed elementor-section-height-default elementor-section-height-default\" data-id=\"3ffc9d5\" data-element_type=\"section\" data-settings=\"{&quot;background_background&quot;:&quot;classic&quot;}\">\n\t\t\t\t\t\t<div class=\"elementor-container elementor-column-gap-default\">\n\t\t\t\t\t<div class=\"elementor-column elementor-col-100 elementor-top-column elementor-element elementor-element-a023a51\" data-id=\"a023a51\" data-element_type=\"column\">\n\t\t\t<div class=\"elementor-widget-wrap elementor-element-populated\">\n\t\t\t\t\t\t<div class=\"elementor-element elementor-element-f0df28d elementor-widget elementor-widget-text-editor\" data-id=\"f0df28d\" data-element_type=\"widget\" data-widget_type=\"text-editor.default\">\n\t\t\t\t<div class=\"elementor-widget-container\">\n\t\t\t\t\t\t\t<p><span style=\"color: #000000;\">Sabanc\u0131 \u00dcniversitesi\u2019nin, \u00fcniversite-sanayi i\u015fbirli\u011fine yeni bir boyut kazand\u0131rd\u0131\u011f\u0131\u00a0Sanayi Odakl\u0131 Projeler\u2019in ilk \u00e7\u0131kt\u0131lar\u0131\u00a011 May\u0131s 2017, Per\u015fembe g\u00fcn\u00fc\u00a0Sabanc\u0131 \u00dcniversitesi Nanoteknoloji Ara\u015ft\u0131rma ve Uygulama Merkezi\u2019nde (SUNUM)\u00a0ger\u00e7ekle\u015fen Bahar Daveti ile payla\u015f\u0131ld\u0131. Davete \u00e7e\u015fitli sekt\u00f6rlerden otuzun \u00fczerinde firman\u0131n y\u00f6neticilerinden olu\u015fan se\u00e7kin davetliler kat\u0131ld\u0131.<\/span><\/p><p><span style=\"color: #000000;\">Davetin a\u00e7\u0131\u015f konu\u015fmalar\u0131n\u0131\u00a0Sabanc\u0131 \u00dcniversitesi Rekt\u00f6r Vekili \u00a0Prof. Dr. Ay\u015fe Kad\u0131o\u011flu\u00a0ve\u00a0Sabanc\u0131 \u00dcniversitesiM\u00fchendislik ve Do\u011fa Bilimleri Fak\u00fcltesi Dekan\u0131 Prof. Dr. Yusuf Mencelo\u011flu\u00a0ger\u00e7ekle\u015ftirdi. Konu\u015fmalar\u0131n ard\u0131ndan proje sahibi firmalara te\u015fekk\u00fcr plaketi takdim edildi ve ard\u0131ndan t\u00fcm konuklar yap\u0131lan kokteylde bir araya geldi.<\/span><\/p>\t\t\t\t\t\t<\/div>\n\t\t\t\t<\/div>\n\t\t\t\t<div class=\"elementor-element elementor-element-7a4b3a5 elementor-widget elementor-widget-image\" data-id=\"7a4b3a5\" data-element_type=\"widget\" data-widget_type=\"image.default\">\n\t\t\t\t<div class=\"elementor-widget-container\">\n\t\t\t\t\t\t\t\t\t\t\t\t\t<img decoding=\"async\" width=\"700\" height=\"467\" src=\"https:\/\/www.karelkalip.com.tr\/wp-content\/uploads\/2019\/01\/18952641_1528289367245962_1620875788154804256_n.jpg\" class=\"attachment-large size-large wp-image-485\" alt=\"\" srcset=\"https:\/\/www.karelkalip.com.tr\/wp-content\/uploads\/2019\/01\/18952641_1528289367245962_1620875788154804256_n.jpg 960w, https:\/\/www.karelkalip.com.tr\/wp-content\/uploads\/2019\/01\/18952641_1528289367245962_1620875788154804256_n-450x300.jpg 450w, https:\/\/www.karelkalip.com.tr\/wp-content\/uploads\/2019\/01\/18952641_1528289367245962_1620875788154804256_n-768x512.jpg 768w, https:\/\/www.karelkalip.com.tr\/wp-content\/uploads\/2019\/01\/18952641_1528289367245962_1620875788154804256_n-624x416.jpg 624w\" sizes=\"(max-width: 700px) 100vw, 700px\" \/>\t\t\t\t\t\t\t\t\t\t\t\t\t<\/div>\n\t\t\t\t<\/div>\n\t\t\t\t<div class=\"elementor-element elementor-element-7e3707e elementor-widget elementor-widget-text-editor\" data-id=\"7e3707e\" data-element_type=\"widget\" data-widget_type=\"text-editor.default\">\n\t\t\t\t<div class=\"elementor-widget-container\">\n\t\t\t\t\t\t\t<p><span style=\"color: #000000;\">Sabanc\u0131 \u00dcniversitesi Rekt\u00f6r Vekili \u00a0Prof. Dr. Ay\u015fe Kad\u0131o\u011flu\u00a0konu\u015fmas\u0131nda,\u00a0\u201cSabanc\u0131 \u00dcniversitesi olarak her zaman bir \u00f6nc\u00fcl\u00fck iddiam\u0131z var. Ger\u00e7ekten de T\u00fcrkiye\u2019nin y\u00fcksek e\u011fitim profiline bir nefes, bir yenilik getirdi\u011fimizi d\u00fc\u015f\u00fcn\u00fcyoruz. Sanayi odakl\u0131 projeler i\u00e7in gerekli alt yap\u0131ya sahibiz ve bu sinerjiden \u00e7ok g\u00fczel \u00e7al\u0131\u015fmalar \u00e7\u0131kaca\u011f\u0131na inan\u0131yoruz.\u201d dedi.<\/span><\/p><p><span style=\"color: #000000;\">Sabanc\u0131 \u00dcniversitesi M\u00fchendislik ve Do\u011fa Bilimleri Fak\u00fcltesi Dekan\u0131\u00a0Prof. Dr. Yusuf Mencelo\u011flukonu\u015fmas\u0131na projenin \u00e7\u0131k\u0131\u015f amac\u0131n\u0131 anlatarak ba\u015flad\u0131. Fak\u00fclte lisans \u00f6\u011frencilerinin, lisans bitirme projelerini sanayi perspektifi ile ger\u00e7ekle\u015ftirmeleri gerekti\u011fine inand\u0131\u011f\u0131m\u0131z ve mezuniyet \u00f6ncesinde \u00f6\u011frencilerin sanayinin reel sorunlar\u0131 ile tan\u0131\u015fmalar\u0131n\u0131 ve ger\u00e7ek\u00e7i \u00e7\u00f6z\u00fcmler \u00fcretmelerini sa\u011flamak i\u00e7in bu projeyi ba\u015flatt\u0131k diyen Yusuf Mencelo\u011flu, sekt\u00f6r ayr\u0131m\u0131 yapmaks\u0131z\u0131n kurumlarla ileti\u015fim kurarak, yapmak istedikleri ama zaman ve kaynak ay\u0131ramad\u0131klar\u0131 m\u00fchendislik alan\u0131ndaki \u00a0her t\u00fcrl\u00fc proje \u00f6nerisini \u00fcniversite i\u015fbirli\u011fiyle \u00e7\u00f6z\u00fcmlenebilecek\u00a0Sanayi Odakl\u0131 Projeler\u00a0kapsam\u0131nda de\u011ferlendirdiklerini dile getirdi.<\/span><\/p><p><span style=\"color: #000000;\">Savunma sanayi, otomotiv tasar\u0131m\u0131 ve yan sanayi, bili\u015fim, elektronik, kimya, in\u015faat, dayan\u0131kl\u0131 t\u00fcketim mallar\u0131 gibi \u00e7e\u015fitli sekt\u00f6rlerden projeye kat\u0131lan 10 kurumun \u00f6nerdi\u011fi projeler aras\u0131ndan se\u00e7ilen 17 proje Sabanc\u0131 \u00dcniversitesi i\u015fbirli\u011fi ile ger\u00e7ekle\u015fti. Sanayi Odakl\u0131 Projeler Program\u0131\u2019na kat\u0131lan kurumlar aras\u0131nda;\u00a0Airties, Bonbon, Farplas, Havelsan, Hexagon Studio,\u00a0 Hayat Kimya, Karel Kal\u0131p, Siemens, STFA \u0130n\u015faat ve T\u00fcbitak Bilgem\u00a0yer ald\u0131. \u00a0Programa kat\u0131lan kurumlar\u0131n y\u00f6neticilerine te\u015fekk\u00fcr plaketleri Sabanc\u0131 \u00dcniversitesi M\u00fchendislik ve Do\u011fa Bilimleri Fak\u00fcltesi Dekan\u0131 Prof. Dr. Yusuf Mencelo\u011flu taraf\u0131ndan takdim edildi.<\/span><\/p>\t\t\t\t\t\t<\/div>\n\t\t\t\t<\/div>\n\t\t\t\t<section class=\"elementor-section elementor-inner-section elementor-element elementor-element-f570f7e elementor-section-boxed elementor-section-height-default elementor-section-height-default\" data-id=\"f570f7e\" data-element_type=\"section\">\n\t\t\t\t\t\t<div class=\"elementor-container elementor-column-gap-default\">\n\t\t\t\t\t<div class=\"elementor-column elementor-col-50 elementor-inner-column elementor-element elementor-element-a02b165\" data-id=\"a02b165\" data-element_type=\"column\">\n\t\t\t<div class=\"elementor-widget-wrap elementor-element-populated\">\n\t\t\t\t\t\t<div class=\"elementor-element elementor-element-53018e0 elementor-widget elementor-widget-image\" data-id=\"53018e0\" data-element_type=\"widget\" data-widget_type=\"image.default\">\n\t\t\t\t<div class=\"elementor-widget-container\">\n\t\t\t\t\t\t\t\t\t\t\t\t\t<img decoding=\"async\" width=\"640\" height=\"960\" src=\"https:\/\/www.karelkalip.com.tr\/wp-content\/uploads\/2019\/01\/18839022_1528289310579301_6208502799223590228_n.jpg\" class=\"attachment-large size-large wp-image-486\" alt=\"\" srcset=\"https:\/\/www.karelkalip.com.tr\/wp-content\/uploads\/2019\/01\/18839022_1528289310579301_6208502799223590228_n.jpg 640w, https:\/\/www.karelkalip.com.tr\/wp-content\/uploads\/2019\/01\/18839022_1528289310579301_6208502799223590228_n-200x300.jpg 200w, https:\/\/www.karelkalip.com.tr\/wp-content\/uploads\/2019\/01\/18839022_1528289310579301_6208502799223590228_n-624x936.jpg 624w\" sizes=\"(max-width: 640px) 100vw, 640px\" \/>\t\t\t\t\t\t\t\t\t\t\t\t\t<\/div>\n\t\t\t\t<\/div>\n\t\t\t\t\t<\/div>\n\t\t<\/div>\n\t\t\t\t<div class=\"elementor-column elementor-col-50 elementor-inner-column elementor-element elementor-element-faea801\" data-id=\"faea801\" data-element_type=\"column\">\n\t\t\t<div class=\"elementor-widget-wrap elementor-element-populated\">\n\t\t\t\t\t\t<div class=\"elementor-element elementor-element-3c519b2 elementor-widget elementor-widget-text-editor\" data-id=\"3c519b2\" data-element_type=\"widget\" data-widget_type=\"text-editor.default\">\n\t\t\t\t<div class=\"elementor-widget-container\">\n\t\t\t\t\t\t\t<p><span style=\"color: #000000;\">Proje \u00e7\u0131kt\u0131lar\u0131n\u0131 haz\u0131rlad\u0131klar\u0131 posterler ile etkinlik s\u00fcresince kat\u0131l\u0131mc\u0131lara tan\u0131tan M\u00fchendislik ve Do\u011fa Bilimleri Fak\u00fcltesi \u00f6\u011frencileri, sanayi kurumlar\u0131yla ger\u00e7ekle\u015ftirdikleri \u00e7al\u0131\u015fmalar sayesinde profesyonel hayat ile tam anlam\u0131yla tan\u0131\u015fm\u0131\u015f ve kariyerleri i\u00e7in \u00f6nemli bir ad\u0131m atm\u0131\u015f olduklar\u0131na inand\u0131klar\u0131n\u0131 belirttiler.\u00a0<\/span><\/p><p><span style=\"color: #000000;\">Sabanc\u0131 \u00dcniversitesi, \u00fcniversite-sanayi i\u015fbirli\u011fi kapsam\u0131nda ger\u00e7ekle\u015ftirdi\u011fi<strong>\u00a0<\/strong>Sanayi Odakl\u0131 Projelere t\u00fcm h\u0131z\u0131yla devam ederek, yeni proje ba\u015fvurular\u0131n\u0131\u00a0<a style=\"color: #000000;\" href=\"mailto:sop@sabanciuniv.edu\">sop@sabanciuniv.edu<\/a>\u00a0\u00a0e-posta adresinden kabul ettiklerini a\u00e7\u0131klad\u0131. Sanayi Odakl\u0131 Projeler Program\u0131 hakk\u0131nda detayl\u0131 bilgi\u00a0<a style=\"color: #000000;\" href=\"http:\/\/fens.sabanciuniv.edu\/tr\/sanayi-odakli-projeler\" target=\"_blank\" rel=\"noopener\">http:\/\/fens.sabanciuniv.edu\/tr\/sanayi-odakli-projeler<\/a>\u00a0adresinden al\u0131nabilir.<\/span><\/p><p><span style=\"color: #000000;\">Kaynak :\u00a0<a style=\"color: #000000;\" href=\"http:\/\/gazetesu.sabanciuniv.edu\/tr\/2017-05\/sabanci-universitesi-sanayi-odakli-projelerinin-ciktilarini-paylasti\">GazeteSU<\/a><\/span><\/p><p>\u00a0<\/p>\t\t\t\t\t\t<\/div>\n\t\t\t\t<\/div>\n\t\t\t\t\t<\/div>\n\t\t<\/div>\n\t\t\t\t\t<\/div>\n\t\t<\/section>\n\t\t\t\t\t<\/div>\n\t\t<\/div>\n\t\t\t\t\t<\/div>\n\t\t<\/section>\n\t\t\t\t<\/div>\n\t\t","protected":false},"excerpt":{"rendered":"<p>Sabanc\u0131 \u00dcniversitesi\u2019nin, \u00fcniversite-sanayi i\u015fbirli\u011fine yeni bir boyut kazand\u0131rd\u0131\u011f\u0131\u00a0Sanayi Odakl\u0131 Projeler\u2019in ilk \u00e7\u0131kt\u0131lar\u0131\u00a011 May\u0131s 2017, Per\u015fembe g\u00fcn\u00fc\u00a0Sabanc\u0131 \u00dcniversitesi Nanoteknoloji Ara\u015ft\u0131rma ve Uygulama Merkezi\u2019nde (SUNUM)\u00a0ger\u00e7ekle\u015fen Bahar Daveti ile payla\u015f\u0131ld\u0131. Davete \u00e7e\u015fitli sekt\u00f6rlerden otuzun \u00fczerinde firman\u0131n y\u00f6neticilerinden olu\u015fan se\u00e7kin davetliler kat\u0131ld\u0131. Davetin a\u00e7\u0131\u015f konu\u015fmalar\u0131n\u0131\u00a0Sabanc\u0131 \u00dcniversitesi Rekt\u00f6r Vekili \u00a0Prof. Dr. Ay\u015fe Kad\u0131o\u011flu\u00a0ve\u00a0Sabanc\u0131 \u00dcniversitesiM\u00fchendislik ve Do\u011fa Bilimleri Fak\u00fcltesi Dekan\u0131 Prof. [&hellip;]<\/p>\n","protected":false},"author":2,"featured_media":0,"parent":0,"menu_order":0,"comment_status":"closed","ping_status":"closed","template":"","meta":{"_mi_skip_tracking":false,"footnotes":""},"_links":{"self":[{"href":"https:\/\/www.karelkalip.com.tr\/tr_tr\/wp-json\/wp\/v2\/pages\/847"}],"collection":[{"href":"https:\/\/www.karelkalip.com.tr\/tr_tr\/wp-json\/wp\/v2\/pages"}],"about":[{"href":"https:\/\/www.karelkalip.com.tr\/tr_tr\/wp-json\/wp\/v2\/types\/page"}],"author":[{"embeddable":true,"href":"https:\/\/www.karelkalip.com.tr\/tr_tr\/wp-json\/wp\/v2\/users\/2"}],"replies":[{"embeddable":true,"href":"https:\/\/www.karelkalip.com.tr\/tr_tr\/wp-json\/wp\/v2\/comments?post=847"}],"version-history":[{"count":2,"href":"https:\/\/www.karelkalip.com.tr\/tr_tr\/wp-json\/wp\/v2\/pages\/847\/revisions"}],"predecessor-version":[{"id":850,"href":"https:\/\/www.karelkalip.com.tr\/tr_tr\/wp-json\/wp\/v2\/pages\/847\/revisions\/850"}],"wp:attachment":[{"href":"https:\/\/www.karelkalip.com.tr\/tr_tr\/wp-json\/wp\/v2\/media?parent=847"}],"curies":[{"name":"wp","href":"https:\/\/api.w.org\/{rel}","templated":true}]}}